{"id":1618,"date":"2023-08-29T13:46:42","date_gmt":"2023-08-29T11:46:42","guid":{"rendered":"https:\/\/www.integratecnologia.es\/ibm-storage-flashsystem\/?page_id=1618"},"modified":"2023-11-27T12:23:38","modified_gmt":"2023-11-27T11:23:38","slug":"aviso-legal","status":"publish","type":"page","link":"https:\/\/www.integratecnologia.es\/ibm-storage-flashsystem\/aviso-legal\/","title":{"rendered":"Aviso Legal"},"content":{"rendered":"\n<div class=\"wp-block-uagb-container uagb-block-6c7acc9c alignfull uagb-is-root-container\"><div class=\"uagb-container-inner-blocks-wrap\">\n<div class=\"wp-block-uagb-info-box uagb-block-2bfeb886 uagb-infobox__content-wrap  uagb-infobox-icon-above-title uagb-infobox-image-valign-top\"><div class=\"uagb-ifb-content\"><div class=\"uagb-ifb-title-wrap\"><h1 class=\"uagb-ifb-title\">Aviso Legal<\/h1><\/div><\/div><\/div>\n<\/div><\/div>\n\n\n\n<p><\/p>\n\n\n\n<ol class=\"wp-block-list\" start=\"1\">\n<li><strong>DATOS IDENTIFICATIVOS&nbsp;<\/strong><\/li>\n<\/ol>\n\n\n\n<p>En cumplimiento de lo dispuesto en el art\u00edculo 10 de la ley 34\/2002, de 11 de julio, de Servicios de la Sociedad de la Informaci\u00f3n y del Comercio Electr\u00f3nico, le informamos de lo siguiente:&nbsp;<\/p>\n\n\n\n<p>El sitio web&nbsp;<a href=\"https:\/\/www.integratecnologia.es\/\" rel=\"noreferrer noopener\" target=\"_blank\">https:\/\/www.integratecnologia.es\/<\/a>&nbsp;(en adelante, el \u201cSitio Web\u201d) es propiedad de SOCIEDAD ARAGONESA DE ASESOR\u00cdA T\u00c9CNICA S.L., (en adelante INTEGRA), con NIF\u202fB-50.197.581, cuyo domicilio social se encuentra en Paseo Gran V\u00eda 17 \u2013 50.006 ZARAGOZA e inscrita en el Registro Mercantil de Zaragoza al Tomo 1201, Folio 79, Hoja Z-5138, Inscripci\u00f3n 4\u00aa de 21 de mayo de 1992.&nbsp;<\/p>\n\n\n\n<p>A los efectos del presente Aviso legal, tendr\u00e1 la consideraci\u00f3n de Usuario la persona f\u00edsica o jur\u00eddica que accede a la p\u00e1gina para informarse y hacer uso de los servicios ofertados a trav\u00e9s del portal. El Usuario podr\u00e1 presentar cualquiera sugerencia, duda o consulta sobre las Condiciones de Uso a trav\u00e9s del correo electr\u00f3nico&nbsp;<a href=\"mailto:info@integratecnologia.es\" rel=\"noreferrer noopener\" target=\"_blank\">info@integratecnologia.es<\/a>&nbsp;<em>.<\/em>&nbsp;<\/p>\n\n\n\n<ol class=\"wp-block-list\" start=\"2\">\n<li><strong>OBJETO Y \u00c1MBITO DE APLICACI\u00d3N&nbsp;<\/strong><\/li>\n<\/ol>\n\n\n\n<p>INTEGRA le da la bienvenida y le invita a leer atentamente las Condiciones Generales de Uso de este Sitio Web (en adelante, \u201cCondiciones de Uso\u201d) que describen los t\u00e9rminos y condiciones que ser\u00e1n aplicables a su navegaci\u00f3n por el mismo, de conformidad con lo establecido en la normativa de aplicaci\u00f3n. Dado que INTEGRA podr\u00eda modificar a futuro estas condiciones, le recomendamos que las visite peri\u00f3dicamente para estar correctamente informado de los cambios.&nbsp;<\/p>\n\n\n\n<p>Estas son las condiciones generales que regulan el acceso, navegaci\u00f3n y uso del Sitio Web, as\u00ed como las responsabilidades derivadas del uso de sus contenidos (entendiendo en adelante por \u201ccontenidos\u201d los textos, gr\u00e1ficos, dibujos, dise\u00f1os, c\u00f3digos, software, fotograf\u00edas, videos, sonidos, bases de datos, im\u00e1genes, expresiones e informaciones, as\u00ed como cualquier otra creaci\u00f3n protegida por las leyes nacionales y los tratados internacionales sobre propiedad intelectual e industrial). No obstante, INTEGRA podr\u00e1 establecer condiciones particulares que regulen la utilizaci\u00f3n y\/o contrataci\u00f3n de bienes y servicios espec\u00edficos ofrecidos a los Usuarios a trav\u00e9s del Sitio Web.&nbsp;<\/p>\n\n\n\n<p>Antes de utilizar el Sitio Web el Usuario deber\u00e1 leer atentamente las correspondientes condiciones particulares establecidas a tal efecto por INTEGRA.&nbsp;<\/p>\n\n\n\n<p>Mediante la utilizaci\u00f3n del presente portal, el usuario acepta expresamente todas y cada una de las presentes condiciones generales, as\u00ed como todas aquellas condiciones particulares recogidas para la utilizaci\u00f3n de determinados servicios. En caso de no aceptar las presentes Condiciones Generales de Uso, deber\u00e1 abstenerse de acceder y\/o utilizar los contenidos ofertados. Las presentes condiciones generales de uso regulan el uso gen\u00e9rico del portal por parte del Usuario. El Usuario tendr\u00e1 la posibilidad de visualizar e imprimir las mencionadas condiciones.&nbsp;&nbsp;<\/p>\n\n\n\n<p>Se entender\u00e1 que el acceso o la mera utilizaci\u00f3n del Sitio Web por parte del Usuario implica la adhesi\u00f3n de \u00e9ste a las condiciones generales que INTEGRA tenga publicadas en cada momento en el que acceda al Sitio Web y que estar\u00e1n disponibles en todo momento para los usuarios.&nbsp;<\/p>\n\n\n\n<ol class=\"wp-block-list\" start=\"3\">\n<li><strong>UTILIZACI\u00d3N DE LA P\u00c1GINA Y LIMITACIONES DE USO&nbsp;<\/strong><\/li>\n<\/ol>\n\n\n\n<p>Los contenidos incluidos en el Sitio Web se facilitan \u00fanicamente a consumidores o usuarios finales. Cualquier uso comercial no autorizado de los mismos, o su reventa, quedan prohibidos, salvo que se cuente con la previa autorizaci\u00f3n escrita de INTEGRA.&nbsp;<\/p>\n\n\n\n<p>Si para la utilizaci\u00f3n y\/o contrataci\u00f3n de un servicio en el Sitio Web, el Usuario debiera proceder a su registro, \u00e9ste ser\u00e1 responsable de aportar informaci\u00f3n veraz y l\u00edcita. El Usuario ser\u00e1 el \u00fanico responsable de las manifestaciones falsas o inexactas que realice y de los perjuicios que cause a INTEGRA o a terceros por la informaci\u00f3n que facilite.&nbsp;<\/p>\n\n\n\n<p>El acceso, navegaci\u00f3n y uso del Sitio Web es responsabilidad del Usuario, por lo que \u00e9ste se compromete a observar diligente y fielmente cualquier instrucci\u00f3n adicional dada por INTEGRA, o por el personal autorizado de INTEGRA, relativa al uso del Sitio Web y de sus contenidos. INTEGRA no comparte necesariamente las opiniones de los Usuarios y en ning\u00fan caso se har\u00e1 responsable de ellas.&nbsp;<\/p>\n\n\n\n<p>Por tanto, el Usuario se obliga a usar los contenidos de forma diligente, correcta y l\u00edcita, as\u00ed como de proveerse de todos los medios y requerimientos t\u00e9cnicos que se precisen para acceder al Sitio Web.&nbsp;&nbsp;<\/p>\n\n\n\n<p>No obstante, el Usuario se compromete a abstenerse de:&nbsp;<\/p>\n\n\n\n<ul class=\"wp-block-list\">\n<li>Utilizar los contenidos con fines o efectos contrarios a la ley, a la moral y a las buenas costumbres generalmente aceptadas o al orden p\u00fablico, que de cualquier forma puedan da\u00f1ar, inutilizar, sobrecargar, deteriorar o impedir la normal utilizaci\u00f3n de los servicios o los documentos, archivos y toda clase de contenidos almacenados en cualquier equipo inform\u00e1tico.&nbsp;<\/li>\n\n\n\n<li>Acceder o intentar acceder a recursos o \u00e1reas restringidas del Sitio Web, sin cumplir las condiciones exigidas para ello.&nbsp;<\/li>\n\n\n\n<li>Provocar da\u00f1os en los sistemas f\u00edsicos o l\u00f3gicos del Sitio Web, de sus proveedores o terceros.&nbsp;<\/li>\n<\/ul>\n\n\n\n<ul class=\"wp-block-list\">\n<li>Introducir o difundir en la red virus inform\u00e1ticos o cualquier otro tipo de c\u00f3digo malicioso que pudiera provocar da\u00f1os en los sistemas f\u00edsicos o l\u00f3gicos de INTEGRA, de sus proveedores o terceros.&nbsp;<\/li>\n\n\n\n<li>Intentar acceder, utilizar o en su caso, manipular los datos de INTEGRA, terceros proveedores y otros Usuarios.&nbsp;<\/li>\n\n\n\n<li>Reproducir o copiar, distribuir, permitir el acceso del p\u00fablico a trav\u00e9s de cualquier modalidad de comunicaci\u00f3n p\u00fablica, transformar o modificar los contenidos, a menos que cuente con la autorizaci\u00f3n del titular de los correspondientes derechos o ello resulte legalmente permitido.&nbsp;<\/li>\n\n\n\n<li>Emplear los contenidos y en particular la informaci\u00f3n de cualquier clase obtenida a trav\u00e9s de la p\u00e1gina o de los servicios para remitir publicidad, comunicaciones con fines de venta directa o con cualquier otra clase de finalidad comercial, mensajes no solicitados dirigidos a una pluralidad de personas con independencia de su finalidad, as\u00ed como a abstenerse de comercializar o divulgar de cualquier modo dicha informaci\u00f3n.&nbsp;<\/li>\n\n\n\n<li>Suprimir, eludir o manipular el \u201ccopyright\u201d y dem\u00e1s datos identificativos de los derechos de sus titulares incorporados a los contenidos, as\u00ed como los dispositivos t\u00e9cnicos de protecci\u00f3n, o cualesquiera mecanismos de informaci\u00f3n que pudieren contener los contenidos.&nbsp;<\/li>\n<\/ul>\n\n\n\n<p>Si para acceder a algunos de los servicios y\/o contenidos del Sitio Web, se le proporciona una contrase\u00f1a, se obliga a usarla de manera diligente, manteni\u00e9ndola en todo momento en secreto. En consecuencia, ser\u00e1 responsable de su adecuada custodia y confidencialidad, comprometi\u00e9ndose a no cederla a terceros, de manera temporal o permanente, ni a permitir el acceso a los mencionados servicios y\/o contenidos por parte de personas ajenas. Igualmente, se obliga a notificar a INTEGRA cualquier hecho que pueda suponer un uso indebido de su contrase\u00f1a como, a t\u00edtulo enunciativo, su robo, extrav\u00edo o el acceso no autorizado, con el fin de proceder a su inmediata cancelaci\u00f3n. En consecuencia, mientras no efect\u00fae la notificaci\u00f3n anterior, INTEGRA queda exenta de toda responsabilidad derivada del uso indebido de su contrase\u00f1a, siendo de su responsabilidad toda acci\u00f3n il\u00edcita consecuencia de ello.&nbsp;<\/p>\n\n\n\n<p>Si de forma negligente o dolosa incumpliera cualquier obligaci\u00f3n de las establecidas en las Condiciones Generales de Uso, responder\u00e1 por los da\u00f1os y perjuicios que sufriera INTEGRA.&nbsp;<\/p>\n\n\n\n<ol class=\"wp-block-list\" start=\"4\">\n<li><strong>RESPONSABILIDADES&nbsp;<\/strong><\/li>\n<\/ol>\n\n\n\n<p>INTEGRA no garantiza el acceso continuado, ni la correcta visualizaci\u00f3n, descarga o utilidad de los elementos e informaciones contenidas en las p\u00e1ginas del Sitio Web, que pueden verse impedidos, dificultados o interrumpidos por elementos que quedan fuera de su control.&nbsp;<\/p>\n\n\n\n<p>INTEGRA podr\u00e1 interrumpir el servicio o resolver de modo inmediato la relaci\u00f3n con el Usuario si detecta que un uso de su Sitio Web o de cualquiera de los servicios ofertados en el mismo son contrarios a las presentes Condiciones Generales de Uso. INTEGRA no se hace responsable por da\u00f1os, perjuicios, p\u00e9rdidas, reclamaciones o gastos derivados del uso del Sitio Web. \u00danicamente se hace responsable de suprimir lo antes posible los contenidos que pudieran ocasionar perjuicios, siempre que se notifique. Concretamente, INTEGRA no ser\u00e1 responsable de los perjuicios que pudieran derivarse de:&nbsp;<\/p>\n\n\n\n<ul class=\"wp-block-list\">\n<li>Interferencias, interrupciones, fallos, omisiones, aver\u00edas telef\u00f3nicas, retrasos, bloqueos o desconexiones den el funcionamiento del sistema electr\u00f3nico, motivadas por deficiencias, sobrecargas y errores en las l\u00edneas y redes de telecomunicaciones, o debido a cualquier otra causa ajena a INTEGRA.&nbsp;<\/li>\n\n\n\n<li>Intromisiones ileg\u00edtimas mediante el uso software malicioso y a trav\u00e9s de cualquier medio de comunicaci\u00f3n, tales como virus inform\u00e1ticos u otros.&nbsp;<\/li>\n\n\n\n<li>Abuso indebido o inadecuado del Sitio Web.&nbsp;<\/li>\n\n\n\n<li>Errores de seguridad o navegaci\u00f3n producidos por un mal funcionamiento del navegador o por el uso de versiones no actualizadas del mismo. Los administradores de INTEGRA se reservan el derecho de retirar, total o parcialmente, cualquier contenido o informaci\u00f3n presente en el Sitio Web.&nbsp;<\/li>\n<\/ul>\n\n\n\n<p>INTEGRA excluye cualquier responsabilidad por los da\u00f1os y perjuicios de toda naturaleza que pudiera deberse a la mala utilizaci\u00f3n de los servicios de libre disposici\u00f3n y uso por parte de los Usuarios del Sitio Web. INTEGRA no se hace responsable de la informaci\u00f3n que pudiera recibirse a trav\u00e9s de los formularios web ofrecidos para la resoluci\u00f3n de dudas. Por otro lado, en caso de causar da\u00f1os y perjuicios por un uso indebido del servicio, INTEGRA podr\u00e1 reclamar al USUARIO los da\u00f1os y perjuicios causados.&nbsp;<\/p>\n\n\n\n<p>El Usuario deber\u00e1 indemnizar a INTEGRA por cualquier da\u00f1o o perjuicio causado derivado de reclamaciones, acciones o demandas de terceros con base en el acceso o mal uso del contenido por parte del Usuario. Asimismo, el Usuario se obliga a indemnizar a INTEGRA frente a cualquier da\u00f1o derivado del uso de \u201cbots\u201d, \u201cspiders\u201d, \u201ccrawlers\u201d o herramientas similares empleadas con el fin de recabar o extraer los datos, el incumplimiento de la pol\u00edtica de privacidad, o de cualquier otra actuaci\u00f3n por su parte que imponga una carga irrazonable sobre el funcionamiento del Sitio Web. En la indemnizaci\u00f3n se incluyen, entre otros, los gastos de los abogados intervinientes y los costos judiciales.&nbsp;<\/p>\n\n\n\n<ol class=\"wp-block-list\" start=\"5\">\n<li><strong>MODIFICACIONES&nbsp;<\/strong><\/li>\n<\/ol>\n\n\n\n<p>INTEGRA se reserva el derecho de efectuar sin previo aviso las modificaciones que considere oportunas en su portal, pudiendo cambiar, suprimir o a\u00f1adir tanto los contenidos y servicios que se presten a trav\u00e9s de la misma como la forma en la que \u00e9stos aparezcan presentados o localizados en su portal.&nbsp;<\/p>\n\n\n\n<ol class=\"wp-block-list\" start=\"6\">\n<li><strong>HIPERV\u00cdNCULOS O ENLACES&nbsp;<\/strong><\/li>\n<\/ol>\n\n\n\n<p>El Sitio Web puede tener v\u00ednculos, como hiperv\u00ednculos o enlaces, que indican el acceso a p\u00e1ginas Web de terceros (\u201c<strong>los Sitios Relacionados\u201d).<\/strong>&nbsp;Aunque INTEGRA revisa el material de terceros y solamente permite la inclusi\u00f3n de los Sitios Relacionados que, a su leal saber y entender, no infringen la legislaci\u00f3n aplicable, INTEGRA no puede controlar ni realizar un seguimiento de los Sitios Relacionados y, en consecuencia, no asumir\u00e1 responsabilidad alguna en cuanto a la exactitud, seguridad o fiabilidad del material, informaci\u00f3n o contenido incluido en dichos Sitios Relacionados.&nbsp;&nbsp;<\/p>\n\n\n\n<p>El Usuario se obliga a no reproducir de ning\u00fan modo, ni siquiera mediante un hiperenlace o hiperv\u00ednculo, el Sitio Web de INTEGRA, as\u00ed como ninguno de sus contenidos, salvo autorizaci\u00f3n expresa y por escrito de INTEGRA.&nbsp;<\/p>\n\n\n\n<p>El Usuario deber\u00e1 utilizar su propio buen criterio, precauci\u00f3n y sentido com\u00fan a la hora de usar los Sitios Relacionados y, para ello, se le recomienda revisar los t\u00e9rminos y condiciones de uso y privacidad que rigen en dichos Sitios Relacionados.&nbsp;<\/p>\n\n\n\n<p>En el caso de que en la web de INTEGRA se dispusiesen enlaces o hiperv\u00ednculos hacia otros sitios web gestionados por terceros, INTEGRA no ejercer\u00e1 ning\u00fan tipo de control sobre dichos sitios y contenidos. En ning\u00fan caso INTEGRA asumir\u00e1 responsabilidad alguna por los contenidos de alg\u00fan enlace perteneciente a un sitio web ajeno, ni garantizar\u00e1 la disponibilidad t\u00e9cnica, calidad, fiabilidad, exactitud, amplitud, veracidad, validez y constitucionalidad de cualquier material o informaci\u00f3n contenida en ninguno de dichos hiperv\u00ednculos u otros sitios de Internet.&nbsp;&nbsp;<\/p>\n\n\n\n<p>Igualmente, la inclusi\u00f3n de estas conexiones externas no implicar\u00e1 ning\u00fan tipo de asociaci\u00f3n, fusi\u00f3n o participaci\u00f3n con las entidades conectadas.&nbsp;<\/p>\n\n\n\n<ol class=\"wp-block-list\" start=\"7\">\n<li><strong>PROTECCI\u00d3N DE DATOS&nbsp;<\/strong><\/li>\n<\/ol>\n\n\n\n<p>INTEGRA cumple con las directrices del Reglamento (UE) 2016\/679 del Parlamento Europeo y del Consejo de 27 de abril de 2016 relativo a la protecci\u00f3n de las personas f\u00edsicas en lo que respecta al tratamiento de datos personales y a la libre circulaci\u00f3n de estos datos y por el que se deroga la Directiva 95\/46\/CE, y con la Ley Org\u00e1nica 3\/2018 de 5 de diciembre, de Protecci\u00f3n de Datos Personales y Garant\u00eda de los Derechos Digitales, y vela por garantizar un correcto uso y tratamiento de los datos personales del usuario.&nbsp;<\/p>\n\n\n\n<p>Para ello, junto a cada formulario de recogida de datos de car\u00e1cter personal, en los servicios que el Usuario pueda solicitar a INTEGRA, se har\u00e1 saber al Usuario de la existencia y aceptaci\u00f3n de las condiciones particulares del tratamiento de sus datos en cada caso, inform\u00e1ndole del responsable del tratamiento, la direcci\u00f3n del responsable, la posibilidad de ejercer sus derechos de acceso, rectificaci\u00f3n, supresi\u00f3n, limitaci\u00f3n de tratamiento, portabilidad u oposici\u00f3n, la finalidad del tratamiento y las comunicaciones de datos a terceros en su caso. Asimismo, INTEGRA informa que da cumplimiento a la Ley 34\/2002 de 11 de julio, de Servicios de la Sociedad de la Informaci\u00f3n y el Comercio Electr\u00f3nico y a lo dispuesto en la normativa vigente de Protecci\u00f3n de Datos. Tambi\u00e9n se le solicitar\u00e1 su consentimiento para el tratamiento de su correo electr\u00f3nico con fines comerciales.&nbsp;<\/p>\n\n\n\n<p>Para m\u00e1s informaci\u00f3n, acceda a nuestra \u201cPol\u00edtica de Privacidad\u201d.&nbsp;<\/p>\n\n\n\n<ol class=\"wp-block-list\" start=\"8\">\n<li><strong>UTILIZACI\u00d3N DE COOKIES&nbsp;<\/strong><\/li>\n<\/ol>\n\n\n\n<p>INTEGRA informa que tiene instaladas cookies en sus sistemas. Las cookies son peque\u00f1os archivos de texto que almacena el navegador en el disco duro de su ordenador. Cuando navega a trav\u00e9s de la p\u00e1gina web, el servidor de INTEGRA, podr\u00e1 reconocer la cookie y proporcionar informaci\u00f3n sobre su \u00faltima visita. La mayor\u00eda de los navegadores aceptan la utilizaci\u00f3n de cookies de forma autom\u00e1tica, pero puede configurar su navegador para ser avisado en su pantalla de ordenador de la recepci\u00f3n de cookies y poder impedir su instalaci\u00f3n en su disco duro. Si quiere obtener m\u00e1s informaci\u00f3n sobre las cookies, puede visitar nuestra \u201cPol\u00edtica de Cookies\u201d.&nbsp;<\/p>\n\n\n\n<ol class=\"wp-block-list\" start=\"9\">\n<li><strong>PROPIEDAD INTELECTUAL E INDUSTRIAL&nbsp;<\/strong><\/li>\n<\/ol>\n\n\n\n<p>INTEGRA por s\u00ed o como cesionaria, es titular de todos los derechos de propiedad intelectual e industrial de su p\u00e1gina web, as\u00ed como de los elementos contenidos en la misma (a t\u00edtulo enunciativo, im\u00e1genes, sonido, audio, v\u00eddeo, software o textos; marcas o logotipos, combinaciones de colores, estructura y dise\u00f1o, botones y men\u00fas, selecci\u00f3n de materiales usados, programas de ordenador necesarios para su funcionamiento, acceso y uso, etc.), titularidad de INTEGRA o bien de sus licenciantes.&nbsp;<\/p>\n\n\n\n<p>Todos los derechos reservados. En virtud de lo dispuesto en los art\u00edculos 8 y 32.1, p\u00e1rrafo segundo, de la Ley de Propiedad Intelectual, quedan expresamente prohibidas la reproducci\u00f3n, la distribuci\u00f3n y la comunicaci\u00f3n p\u00fablica, incluida su modalidad de puesta a disposici\u00f3n, de la totalidad o parte de los contenidos de esta p\u00e1gina web, con fines comerciales, en cualquier soporte y por cualquier medio t\u00e9cnico, sin la autorizaci\u00f3n de INTEGRA. El Usuario se compromete a respetar los derechos de Propiedad Intelectual e Industrial titularidad de INTEGRA.&nbsp;&nbsp;<\/p>\n\n\n\n<p>Podr\u00e1 visualizar los elementos del portal e incluso imprimirlos, copiarlos y almacenarlos en el disco duro de su ordenador o en cualquier otro soporte f\u00edsico siempre y cuando sea, \u00fanica y exclusivamente, para su uso personal y privado. El Usuario deber\u00e1 abstenerse de suprimir, alterar, eludir o manipular cualquier dispositivo de protecci\u00f3n o sistema de seguridad que estuviera instalado en las p\u00e1ginas de INTEGRA. Cualquier otro uso o explotaci\u00f3n de cualesquiera derechos estar\u00e1 sujeto a la previa y expresa autorizaci\u00f3n espec\u00edficamente otorgada a tal efecto por INTEGRA o el tercero titular de los derechos afectados.&nbsp;<\/p>\n\n\n\n<p>El Usuario, deber\u00e1 abstenerse de:&nbsp;<\/p>\n\n\n\n<ol class=\"wp-block-list\" start=\"1\">\n<li>Utilizar, copiar, modificar, mostrar, eliminar, distribuir, descargar, almacenar, reproducir, transmitir, publicar, vender, revender, adaptar, invertir el proceso de creaci\u00f3n o crear productos derivados a partir de la informaci\u00f3n suministrada y\/o contenida en el presente Sitio Web, salvo en los casos contemplados en la ley o expresamente autorizados por INTEGRA;&nbsp;<\/li>\n\n\n\n<li>Utilizar el Contenido en otras p\u00e1ginas web o en cualquier medio de comunicaci\u00f3n como, por ejemplo, en un entorno de red, sin la previa autorizaci\u00f3n por escrito en este sentido de INTEGRA.&nbsp;<\/li>\n\n\n\n<li><strong>LICENCIA&nbsp;<\/strong><\/li>\n<\/ol>\n\n\n\n<p>En base a las presentes Condiciones Generales de Uso, INTEGRA concede al Usuario una licencia de uso limitada, no exclusiva, intransferible, no susceptible de cesi\u00f3n y revocable; para consultar y descargar, de forma temporal, una copia del contenido ofrecido en el Sitio Web, \u00fanicamente para uso personal del Usuario o dentro de su empresa, y nunca con fines comerciales. Dicha licencia se concede tambi\u00e9n en los mismos t\u00e9rminos con respecto a las actualizaciones y mejoras que se realizasen en el Sitio Web.&nbsp;<\/p>\n\n\n\n<p>Dichas licencias de uso podr\u00e1n ser revocadas por INTEGRA unilateralmente en cualquier momento, mediante la mera notificaci\u00f3n al Usuario.&nbsp;<\/p>\n\n\n\n<ol class=\"wp-block-list\" start=\"11\">\n<li><strong>DURACI\u00d3N Y TERMINACI\u00d3N&nbsp;<\/strong><\/li>\n<\/ol>\n\n\n\n<p>La prestaci\u00f3n del servicio del presente Sitio Web y los dem\u00e1s servicios tienen en principio una duraci\u00f3n indefinida. No obstante, INTEGRA podr\u00e1 dar por terminada o suspender cualquiera de los servicios del portal. Cuando sea ello posible, INTEGRA anunciar\u00e1 la terminaci\u00f3n o suspensi\u00f3n de la prestaci\u00f3n del servicio determinado.&nbsp;<\/p>\n\n\n\n<ol class=\"wp-block-list\" start=\"12\">\n<li><strong>DECLARACIONES, GARANT\u00cdAS Y RESPONSABILIDAD&nbsp;<\/strong><\/li>\n<\/ol>\n\n\n\n<p>En general, los contenidos y servicios ofrecidos en el Sitio Web tienen car\u00e1cter informativo. Por consiguiente, al ofrecerlos, INTEGRA no otorga garant\u00eda ni declaraci\u00f3n alguna en relaci\u00f3n con los contenidos y servicios ofrecidos en el Sitio Web, incluyendo, a t\u00edtulo enunciativo, garant\u00edas de licitud, fiabilidad, utilidad, veracidad, exactitud, o comerciabilidad, salvo en la medida en que por ley no puedan excluirse tales declaraciones y garant\u00edas.&nbsp;<\/p>\n\n\n\n<p>INTEGRA no se hace responsable, ni indirecta ni subsidiariamente, en ning\u00fan caso, de los da\u00f1os y perjuicios de cualquier naturaleza que pudieran ocasionar, a t\u00edtulo enunciativo: errores u omisiones en los contenidos, falta de disponibilidad del portal o la transmisi\u00f3n de virus o programas maliciosos o lesivos en los contenidos, a pesar de haber adoptado todas las medidas tecnol\u00f3gicas necesarias para poder evitarlo.&nbsp;<\/p>\n\n\n\n<p>INTEGRA responder\u00e1 \u00fanica y exclusivamente de los servicios que preste por s\u00ed misma y de los contenidos directamente originados por ellas e identificados con su copyright.&nbsp;&nbsp;<\/p>\n\n\n\n<p>INTEGRA no ser\u00e1 responsable de los da\u00f1os sufridos por FUERZA MAYOR o caso fortuito. Se entiende por fuerza mayor todo suceso que pudiera darse por interrupciones prolongadas de suministro el\u00e9ctrico, l\u00edneas de telecomunicaciones, conflictos sociales, huelgas, inundaciones o fen\u00f3menos meteorol\u00f3gicos, actos y omisiones de Gobierno, u otras situaciones que escapen al control de INTEGRA.&nbsp;<\/p>\n\n\n\n<ol class=\"wp-block-list\" start=\"13\">\n<li><strong>GENERALIDADES&nbsp;<\/strong><\/li>\n<\/ol>\n\n\n\n<p>El Usuario declara que entre \u00e9l y INTEGRA no existe relaci\u00f3n alguna de contrataci\u00f3n laboral, asociaci\u00f3n, agencia o empresa conjunta, derivadas del acceso y uso del Sitio Web.&nbsp;<\/p>\n\n\n\n<p>Las presentes Condiciones Generales de Uso integran todos los acuerdos a que el Usuario y INTEGRA han llegado en relaci\u00f3n el acceso y uso del Sitio Web, y se suscribe de forma adicional a cualquier acuerdo vinculante que pueda existir entre el Usuario y INTEGRA.&nbsp;<\/p>\n\n\n\n<p>El hecho de que una de las partes no ejercite en un momento dado o se retrase en el ejercicio de los derechos y acciones que le asisten en virtud de los presentes Condiciones Generales de Uso, no podr\u00e1 interpretarse como una renuncia a los mismos.&nbsp;<\/p>\n\n\n\n<p>La declaraci\u00f3n de nulidad, invalidez, ilegalidad o ineficacia de cualquiera de los presentes t\u00e9rminos y condiciones -en todo o en parte- o de los derechos derivados de estos T\u00e9rminos y Condiciones por sentencia judicial firme no afectar\u00e1 a la validez y eficacia de las dem\u00e1s t\u00e9rminos, condiciones, derechos y previsiones que no se vean concernidas por dicha nulidad, invalidez o ineficacia, que continuar\u00e1n en pleno vigor y efectos.&nbsp;<\/p>\n\n\n\n<ol class=\"wp-block-list\" start=\"14\">\n<li><strong>LEGISLACI\u00d3N APLICABLE Y JURISDICCI\u00d3N&nbsp;<\/strong><\/li>\n<\/ol>\n\n\n\n<p>Las cuestiones relativas a la interpretaci\u00f3n, cumplimiento o resoluci\u00f3n de las presentes Condiciones Generales de Uso, as\u00ed como todas aquellas cuestiones que radican y tengan relaci\u00f3n en parte o en su totalidad con los servicios suministrados a trav\u00e9s del Sitio Web, se rigen en todos y cada uno de sus extremos por la ley espa\u00f1ola, renunciando expresamente las partes al fuero que les corresponda, y someti\u00e9ndose a los Juzgados y Tribunales de la ciudad de Zaragoza.&nbsp;<\/p>\n\n\n\n<p>En el supuesto de que cualquier estipulaci\u00f3n de las presentes Condiciones Generales de Uso resultara inexigible o nula en virtud de la legislaci\u00f3n aplicable o como consecuencia de una resoluci\u00f3n judicial o administrativa, dicha inexigibilidad o nulidad no har\u00e1 que las presentes Condiciones Generales de Uso resulten inexigibles o nulas en su conjunto. En dichos casos, INTEGRA proceder\u00e1 a la modificaci\u00f3n o sustituci\u00f3n de dicha estipulaci\u00f3n por otra que sea v\u00e1lida y exigible y que, en la medida de lo posible, consiga el objetivo y pretensi\u00f3n reflejados en la estipulaci\u00f3n original.&nbsp;<\/p>\n","protected":false},"excerpt":{"rendered":"<p>En cumplimiento de lo dispuesto en el art\u00edculo 10 de la ley 34\/2002, de 11 de julio, de Servicios de la Sociedad de la Informaci\u00f3n y del Comercio Electr\u00f3nico, le informamos de lo siguiente:&nbsp; El sitio web&nbsp;https:\/\/www.integratecnologia.es\/&nbsp;(en adelante, el \u201cSitio Web\u201d) es propiedad de SOCIEDAD ARAGONESA DE ASESOR\u00cdA T\u00c9CNICA S.L., (en adelante INTEGRA), con NIF\u202fB-50.197.581, [&hellip;]<\/p>\n","protected":false},"author":4,"featured_media":0,"parent":0,"menu_order":0,"comment_status":"closed","ping_status":"closed","template":"","meta":{"_uag_custom_page_level_css":"","site-sidebar-layout":"no-sidebar","site-content-layout":"plain-container","ast-site-content-layout":"normal-width-container","site-content-style":"unboxed","site-sidebar-style":"unboxed","ast-global-header-display":"","ast-banner-title-visibility":"","ast-main-header-display":"","ast-hfb-above-header-display":"","ast-hfb-below-header-display":"","ast-hfb-mobile-header-display":"","site-post-title":"disabled","ast-breadcrumbs-content":"","ast-featured-img":"disabled","footer-sml-layout":"","ast-disable-related-posts":"","theme-transparent-header-meta":"enabled","adv-header-id-meta":"","stick-header-meta":"","header-above-stick-meta":"","header-main-stick-meta":"","header-below-stick-meta":"","astra-migrate-meta-layouts":"set","ast-page-background-enabled":"default","ast-page-background-meta":{"desktop":{"background-color":"var(--ast-global-color-4)","background-image":"","background-repeat":"repeat","background-position":"center center","background-size":"auto","background-attachment":"scroll","background-type":"","background-media":"","overlay-type":"","overlay-color":"","overlay-opacity":"","overlay-gradient":""},"tablet":{"background-color":"","background-image":"","background-repeat":"repeat","background-position":"center center","background-size":"auto","background-attachment":"scroll","background-type":"","background-media":"","overlay-type":"","overlay-color":"","overlay-opacity":"","overlay-gradient":""},"mobile":{"background-color":"","background-image":"","background-repeat":"repeat","background-position":"center center","background-size":"auto","background-attachment":"scroll","background-type":"","background-media":"","overlay-type":"","overlay-color":"","overlay-opacity":"","overlay-gradient":""}},"ast-content-background-meta":{"desktop":{"background-color":"var(--ast-global-color-5)","background-image":"","background-repeat":"repeat","background-position":"center center","background-size":"auto","background-attachment":"scroll","background-type":"","background-media":"","overlay-type":"","overlay-color":"","overlay-opacity":"","overlay-gradient":""},"tablet":{"background-color":"var(--ast-global-color-5)","background-image":"","background-repeat":"repeat","background-position":"center center","background-size":"auto","background-attachment":"scroll","background-type":"","background-media":"","overlay-type":"","overlay-color":"","overlay-opacity":"","overlay-gradient":""},"mobile":{"background-color":"var(--ast-global-color-5)","background-image":"","background-repeat":"repeat","background-position":"center center","background-size":"auto","background-attachment":"scroll","background-type":"","background-media":"","overlay-type":"","overlay-color":"","overlay-opacity":"","overlay-gradient":""}},"footnotes":""},"class_list":["post-1618","page","type-page","status-publish","hentry"],"uagb_featured_image_src":{"full":false,"thumbnail":false,"medium":false,"medium_large":false,"large":false,"1536x1536":false,"2048x2048":false,"gform-image-choice-sm":false,"gform-image-choice-md":false,"gform-image-choice-lg":false},"uagb_author_info":{"display_name":"Efor","author_link":"https:\/\/www.integratecnologia.es\/ibm-storage-flashsystem\/author\/efor\/"},"uagb_comment_info":0,"uagb_excerpt":"En cumplimiento de lo dispuesto en el art\u00edculo 10 de la ley 34\/2002, de 11 de julio, de Servicios de la Sociedad de la Informaci\u00f3n y del Comercio Electr\u00f3nico, le informamos de lo siguiente:&nbsp; El sitio web&nbsp;https:\/\/www.integratecnologia.es\/&nbsp;(en adelante, el \u201cSitio Web\u201d) es propiedad de SOCIEDAD ARAGONESA DE ASESOR\u00cdA T\u00c9CNICA S.L., (en adelante INTEGRA), con NIF\u202fB-50.197.581,&hellip;","_links":{"self":[{"href":"https:\/\/www.integratecnologia.es\/ibm-storage-flashsystem\/wp-json\/wp\/v2\/pages\/1618","targetHints":{"allow":["GET"]}}],"collection":[{"href":"https:\/\/www.integratecnologia.es\/ibm-storage-flashsystem\/wp-json\/wp\/v2\/pages"}],"about":[{"href":"https:\/\/www.integratecnologia.es\/ibm-storage-flashsystem\/wp-json\/wp\/v2\/types\/page"}],"author":[{"embeddable":true,"href":"https:\/\/www.integratecnologia.es\/ibm-storage-flashsystem\/wp-json\/wp\/v2\/users\/4"}],"replies":[{"embeddable":true,"href":"https:\/\/www.integratecnologia.es\/ibm-storage-flashsystem\/wp-json\/wp\/v2\/comments?post=1618"}],"version-history":[{"count":2,"href":"https:\/\/www.integratecnologia.es\/ibm-storage-flashsystem\/wp-json\/wp\/v2\/pages\/1618\/revisions"}],"predecessor-version":[{"id":1740,"href":"https:\/\/www.integratecnologia.es\/ibm-storage-flashsystem\/wp-json\/wp\/v2\/pages\/1618\/revisions\/1740"}],"wp:attachment":[{"href":"https:\/\/www.integratecnologia.es\/ibm-storage-flashsystem\/wp-json\/wp\/v2\/media?parent=1618"}],"curies":[{"name":"wp","href":"https:\/\/api.w.org\/{rel}","templated":true}]}}