{"id":1622,"date":"2023-08-29T13:48:39","date_gmt":"2023-08-29T11:48:39","guid":{"rendered":"https:\/\/www.integratecnologia.es\/ibm-storage-flashsystem\/?page_id=1622"},"modified":"2023-11-27T12:22:02","modified_gmt":"2023-11-27T11:22:02","slug":"politica-de-privacidad","status":"publish","type":"page","link":"https:\/\/www.integratecnologia.es\/ibm-storage-flashsystem\/politica-de-privacidad\/","title":{"rendered":"Pol\u00edtica de Privacidad"},"content":{"rendered":"\n<div class=\"wp-block-uagb-container uagb-block-6c7acc9c alignfull uagb-is-root-container\"><div class=\"uagb-container-inner-blocks-wrap\">\n<div class=\"wp-block-uagb-info-box uagb-block-2bfeb886 uagb-infobox__content-wrap  uagb-infobox-icon-above-title uagb-infobox-image-valign-top\"><div class=\"uagb-ifb-content\"><div class=\"uagb-ifb-title-wrap\"><h1 class=\"uagb-ifb-title\">Pol\u00edtica de privacidad<\/h1><\/div><\/div><\/div>\n<\/div><\/div>\n\n\n\n<p><\/p>\n\n\n\n<p><strong>Regulaciones legales y titularidad&nbsp;<\/strong><\/p>\n\n\n\n<p>La empresa SOCIEDAD ARAGONESA DE ASESOR\u00cdA T\u00c9CNICA S.L&nbsp; (en adelante INTEGRA) con NIF B-50.197.581 va a tratar sus datos en disposici\u00f3n del Reglamento (UE) 2016\/679 del Parlamento Europeo y del Consejo (en adelante GDPR), de 27 de abril de 2016, relativo a la protecci\u00f3n de las personas f\u00edsicas en lo que respecta al tratamiento de datos personales y a la libre circulaci\u00f3n de estos datos, y de la Ley Org\u00e1nica 3\/2018, de 5 de diciembre de 2018, de Protecci\u00f3n de Datos Personales y Garant\u00eda de los Derechos Digitales.&nbsp;<\/p>\n\n\n\n<p><strong>Informaci\u00f3n b\u00e1sica sobre protecci\u00f3n de datos&nbsp;<\/strong><\/p>\n\n\n\n<p>Sitio web&nbsp;<a href=\"https:\/\/www.integratecnologia.es\/\" rel=\"noreferrer noopener\" target=\"_blank\">https:\/\/www.integratecnologia.es\/<\/a>&nbsp;&nbsp;<\/p>\n\n\n\n<p>Titular del sitio web SOCIEDAD ARAGONESA DE ASESOR\u00cdA T\u00c9CNICA S.L. (INTEGRA)&nbsp;<\/p>\n\n\n\n<p>Responsable del tratamiento SOCIEDAD ARAGONESA DE ASESOR\u00cdA T\u00c9CNICA S.L. (INTEGRA)&nbsp;<\/p>\n\n\n\n<p>Datos a tratar Datos identificativos, de contacto, formativos, laborales, bancarios, e im\u00e1genes.&nbsp;<\/p>\n\n\n\n<p>Finalidad Gestionar la participaci\u00f3n de candidatos en procesos de la compa\u00f1\u00eda, gestionar consultas, informaci\u00f3n comercial, y gesti\u00f3n de eventos y descarga de recursos.&nbsp;<\/p>\n\n\n\n<p>Legitimaci\u00f3n Consentimiento del interesado, ejecuci\u00f3n de un contrato, inter\u00e9s p\u00fablico y persecuci\u00f3n de intereses leg\u00edtimos.&nbsp;<\/p>\n\n\n\n<p>Destinatarios Empresas relacionadas con INTEGRA, y compa\u00f1\u00edas proveedoras de gesti\u00f3n de recursos, indicadas en el apartado correspondiente.&nbsp;<\/p>\n\n\n\n<p>Derechos Acceso, rectificaci\u00f3n, oposici\u00f3n, supresi\u00f3n, limitaci\u00f3n del tratamiento, portabilidad, a no ser objeto de decisiones automatizadas.&nbsp;&nbsp;<\/p>\n\n\n\n<p><strong>Responsable del tratamiento de sus datos personales&nbsp;<\/strong><\/p>\n\n\n\n<ul class=\"wp-block-list\">\n<li>Nombre comercial:\u202fSOCIEDAD ARAGONESA DE ASESOR\u00cdA T\u00c9CNICA, S.L. (INTEGRA)&nbsp;<\/li>\n\n\n\n<li>NIF: B-50.197.581&nbsp;<\/li>\n\n\n\n<li>Direcci\u00f3n: P\u00ba Gran V\u00eda 17 \u2013 50.006 ZARAGOZA&nbsp;<\/li>\n<\/ul>\n\n\n\n<ul class=\"wp-block-list\">\n<li>Correo electr\u00f3nico:\u202f<a href=\"mailto:privacidad@integratecnologia.es\" rel=\"noreferrer noopener\" target=\"_blank\">privacidad@integratecnologia.es<\/a>&nbsp;&nbsp;<\/li>\n\n\n\n<li>Delegado de Protecci\u00f3n de Datos: Comit\u00e9 de Protecci\u00f3n de Datos de INTEGRA&nbsp;<\/li>\n<\/ul>\n\n\n\n<p><strong>Datos que se tratan&nbsp;<\/strong><\/p>\n\n\n\n<p>Con el fin de especificar lo m\u00e1ximo posible la informaci\u00f3n sobre cada tratamiento de datos, se van a dividir en diferentes bloques atendiendo a las diferentes actividades de tratamiento de datos de car\u00e1cter personal. Las finalidades de dichos tratamientos se pueden observar en detalle en el siguiente apartado.&nbsp;&nbsp;<\/p>\n\n\n\n<p>Se recoge la siguiente informaci\u00f3n, que ser\u00e1 tratada de acuerdo al GDPR y a la LOPDGDD:&nbsp;&nbsp;<\/p>\n\n\n\n<ol class=\"wp-block-list\" start=\"1\">\n<li>Con la finalidad de gestionar los&nbsp;<strong>candidatos<\/strong>&nbsp;a puestos de empleo de la organizaci\u00f3n, se tratan los siguientes tipos de datos, que pueden ser recogidos en formato papel o bien a trav\u00e9s de email:&nbsp;<\/li>\n<\/ol>\n\n\n\n<ul class=\"wp-block-list\">\n<li>Datos identificativos.&nbsp;<\/li>\n\n\n\n<li>Informaci\u00f3n de contacto.&nbsp;<\/li>\n\n\n\n<li>Datos acad\u00e9micos.&nbsp;<\/li>\n\n\n\n<li>Informaci\u00f3n laboral.&nbsp;<\/li>\n<\/ul>\n\n\n\n<ol class=\"wp-block-list\" start=\"2\">\n<li>Con el fin de atender las&nbsp;<strong>consultas<\/strong>&nbsp;que puedan realizar los interesados, se tratan los siguientes tipos de datos, que son recogidas a trav\u00e9s del formulario de la p\u00e1gina web:&nbsp;<\/li>\n<\/ol>\n\n\n\n<ul class=\"wp-block-list\">\n<li>Datos identificativos.&nbsp;<\/li>\n\n\n\n<li>Informaci\u00f3n de contacto.&nbsp;<\/li>\n<\/ul>\n\n\n\n<ol class=\"wp-block-list\" start=\"3\">\n<li>Para la gesti\u00f3n de&nbsp;<strong>proveedores y clientes<\/strong>&nbsp;y su facturaci\u00f3n, se tratan los tipos de datos siguientes, que son recogidos a trav\u00e9s de comunicaci\u00f3n directa con el interesado:&nbsp;<\/li>\n<\/ol>\n\n\n\n<ul class=\"wp-block-list\">\n<li>Datos identificativos.&nbsp;<\/li>\n<\/ul>\n\n\n\n<ul class=\"wp-block-list\">\n<li>Informaci\u00f3n de contacto.&nbsp;<\/li>\n\n\n\n<li>Datos bancarios&nbsp;<\/li>\n<\/ul>\n\n\n\n<ol class=\"wp-block-list\" start=\"4\">\n<li>Para el env\u00edo de&nbsp;<strong>comunicaciones comerciales<\/strong>, se tratan los datos siguientes, que son recogidos a trav\u00e9s de diversas fuentes:&nbsp;<\/li>\n<\/ol>\n\n\n\n<ul class=\"wp-block-list\">\n<li>Datos identificativos.&nbsp;<\/li>\n\n\n\n<li>Informaci\u00f3n de contacto.&nbsp;<\/li>\n<\/ul>\n\n\n\n<ol class=\"wp-block-list\" start=\"5\">\n<li>Para la&nbsp;<strong>gesti\u00f3n de eventos<\/strong>&nbsp;promocionados por la compa\u00f1\u00eda, se tratan los siguientes datos recogidos a trav\u00e9s del formulario web al efecto:&nbsp;<\/li>\n<\/ol>\n\n\n\n<ul class=\"wp-block-list\">\n<li>Datos identificativos.&nbsp;<\/li>\n\n\n\n<li>Informaci\u00f3n de contacto.&nbsp;<\/li>\n<\/ul>\n\n\n\n<ol class=\"wp-block-list\" start=\"6\">\n<li>Para la&nbsp;<strong>descarga de recursos<\/strong>&nbsp;relacionados con la actividad laboral de la compa\u00f1\u00eda.&nbsp;<\/li>\n<\/ol>\n\n\n\n<ul class=\"wp-block-list\">\n<li>Datos identificativos.&nbsp;<\/li>\n\n\n\n<li>Informaci\u00f3n de contacto.&nbsp;<\/li>\n\n\n\n<li>Informaci\u00f3n laboral&nbsp;<\/li>\n<\/ul>\n\n\n\n<ol class=\"wp-block-list\" start=\"7\">\n<li>Para la&nbsp;<strong>videovigilancia<\/strong>, se tratan los tipos de datos siguientes, que son recogidos a trav\u00e9s de c\u00e1maras en las instalaciones:&nbsp;<\/li>\n<\/ol>\n\n\n\n<ul class=\"wp-block-list\">\n<li>Im\u00e1genes.&nbsp;<\/li>\n<\/ul>\n\n\n\n<p><strong>Finalidad con la que se tratan&nbsp;<\/strong><\/p>\n\n\n\n<p>En INTEGRA utilizamos sus datos de car\u00e1cter personal de acuerdo a la legislaci\u00f3n para las siguientes finalidades:&nbsp;&nbsp;<\/p>\n\n\n\n<ol class=\"wp-block-list\" start=\"1\">\n<li>Gesti\u00f3n de los&nbsp;<strong>candidatos<\/strong>&nbsp;a puestos de empleo de la organizaci\u00f3n.&nbsp;<\/li>\n\n\n\n<li>Gestionar las&nbsp;<strong>consultas<\/strong>&nbsp;que puedan realizar los interesados y darles respuesta.&nbsp;<\/li>\n\n\n\n<li>Gesti\u00f3n de&nbsp;<strong>proveedores<\/strong>&nbsp;y&nbsp;<strong>clientes<\/strong>&nbsp;la facturaci\u00f3n necesaria con ellos.&nbsp;<\/li>\n\n\n\n<li>Env\u00edo de&nbsp;<strong>comunicaciones comerciales<\/strong>.&nbsp;<\/li>\n\n\n\n<li><strong>Gesti\u00f3n de eventos<\/strong>&nbsp;promocionados por la compa\u00f1\u00eda.&nbsp;<\/li>\n\n\n\n<li><strong>Descarga de recursos&nbsp;<\/strong>en relaci\u00f3n a la actividad laboral de la compa\u00f1\u00eda.&nbsp;<\/li>\n\n\n\n<li><strong>Videovigilancia<\/strong>&nbsp;con la finalidad de garantizar la seguridad f\u00edsica.&nbsp;<\/li>\n<\/ol>\n\n\n\n<p>Con el objeto de prestarle un mejor servicio, le informamos que INTEGRA podr\u00e1 tomar decisiones automatizadas para ofrecerle informaci\u00f3n personalizada en base a su perfil y preferencias.&nbsp;&nbsp;<\/p>\n\n\n\n<p><strong>Legitimaci\u00f3n para el tratamiento de datos&nbsp;<\/strong><\/p>\n\n\n\n<p>La base legal para el tratamiento de sus datos es\u202fel siguiente, tambi\u00e9n separado por las actividades de tratamiento mostradas en el apartado anterior:&nbsp;<\/p>\n\n\n\n<ol class=\"wp-block-list\" start=\"1\">\n<li>Los datos tratados para gestionar los&nbsp;<strong>candidatos<\/strong>&nbsp;a puestos de empleo de la organizaci\u00f3n se basan consentimiento del interesado.&nbsp;<\/li>\n\n\n\n<li>La base jur\u00eddica de los datos tratados para atender las&nbsp;<strong>consultas<\/strong>&nbsp;que puedan realizar los interesados es el inter\u00e9s leg\u00edtimo del responsable del tratamiento y del interesado. El responsable de tratamiento tiene inter\u00e9s en dar respuesta a consultas de potenciales clientes y promocionar su actividad laboral.&nbsp;<\/li>\n\n\n\n<li>Los datos tratados con la finalidad de la gesti\u00f3n de&nbsp;<strong>proveedores<\/strong>&nbsp;y clientes, y facturaci\u00f3n necesaria con ellos se basan en la relaci\u00f3n contractual entre ambas empresas.&nbsp;<\/li>\n\n\n\n<li>Los datos tratados con la finalidad del env\u00edo de&nbsp;<strong>comunicaciones comerciales<\/strong>&nbsp;ser\u00e1n tratados en base al consentimiento del interesado.&nbsp;<\/li>\n\n\n\n<li>Los datos tratados con la finalidad de&nbsp;<strong>gestionar eventos<\/strong>&nbsp;se sustentan bajo la base legal de inter\u00e9s leg\u00edtimo del responsable del tratamiento en promocionar su actividad laboral.&nbsp;<\/li>\n\n\n\n<li>Los datos tratados con la finalidad de&nbsp;<strong>descargar recursos&nbsp;<\/strong>como gu\u00edas, presentaciones ppt o archivos de cualquier \u00edndole se sustentan bajo la base legal del inter\u00e9s leg\u00edtimo del responsable en promocionar su actividad laboral.&nbsp;<\/li>\n\n\n\n<li>Los datos tratados para la&nbsp;<strong>videovigilancia<\/strong>&nbsp;tienen como base legal el inter\u00e9s p\u00fablico, por garantizar la seguridad de personas, bienes e instalaciones.&nbsp;<\/li>\n<\/ol>\n\n\n\n<p><strong>Limitaci\u00f3n temporal del tratamiento de sus datos&nbsp;<\/strong><\/p>\n\n\n\n<p>Sus datos personales ser\u00e1n conservados durante el menor tiempo posible para cumplir con la finalidad del tratamiento, de acuerdo con la pol\u00edtica de retenci\u00f3n de datos del Reglamento General de Protecci\u00f3n de Datos de Car\u00e1cter Personal 2016\/679 y la Ley Org\u00e1nica 3\/2018 de Protecci\u00f3n de Datos Personales y Garant\u00eda de los Derechos Digitales, para cumplir con las obligaciones legales exigidas.&nbsp;<\/p>\n\n\n\n<p>Los datos que usted nos ha facilitado ser\u00e1n conservados mientras sean necesarios para las \ufb01nalidades anteriormente indicadas, o tambi\u00e9n ser\u00e1n almacenadas por el tiempo exigido por distintas legislaciones aplicables.&nbsp;<\/p>\n\n\n\n<p>Si usted quisiera limitar el periodo de tiempo en que se tratan sus datos personales, deber\u00e1 ejercer sus derechos tal y como se indica m\u00e1s adelante.&nbsp;<\/p>\n\n\n\n<p>Nuevamente agrupados por actividad de tratamiento, el per\u00edodo de conservaci\u00f3n de los datos es el siguiente:&nbsp;<\/p>\n\n\n\n<ol class=\"wp-block-list\" start=\"1\">\n<li>La informaci\u00f3n tratada para la gesti\u00f3n de&nbsp;<strong>candidatos<\/strong>&nbsp;a puestos de empleo de la organizaci\u00f3n se almacenar\u00e1 durante el periodo necesario para la finalidad para que se recaban los datos.&nbsp;&nbsp;<\/li>\n\n\n\n<li>La informaci\u00f3n que se trata con el fin de gestionar las&nbsp;<strong>consultas<\/strong>&nbsp;recibidas y darles respuesta, se conservar\u00e1 durante el periodo necesario para la gesti\u00f3n, resoluci\u00f3n y posterior seguimiento de dicha consulta.&nbsp;<\/li>\n\n\n\n<li>La informaci\u00f3n tratada para la gesti\u00f3n de&nbsp;<strong>proveedores y clientes<\/strong>&nbsp;se almacenar\u00e1 hasta que fine la relaci\u00f3n contractual entre las partes, o hasta que usted ejercite sus derechos afirmando que no desea que INTEGRA siga tratando sus datos.&nbsp;<\/li>\n\n\n\n<li>Los datos utilizados con la finalidad de&nbsp;<strong>env\u00edo de comunicaciones comerciales<\/strong>&nbsp;ser\u00e1n almacenados hasta que usted retire su consentimiento o ejercite sus derechos nombrados a continuaci\u00f3n.&nbsp;<\/li>\n\n\n\n<li>Los datos tratados con la finalidad de&nbsp;<strong>gesti\u00f3n de eventos<\/strong>&nbsp;ser\u00e1n almacenados durante el tiempo que dure la consulta o la gesti\u00f3n del evento en cuesti\u00f3n.&nbsp;<\/li>\n\n\n\n<li>Los datos tratados con la finalidad de&nbsp;<strong>descarga de recursos<\/strong>&nbsp;se almacenar\u00e1n durante el periodo de tiempo por el que dure el evento o el \u00e1mbito para el que se solicita el recurso.&nbsp;<\/li>\n\n\n\n<li>Los datos tratados en&nbsp;<strong>videovigilancia<\/strong>&nbsp;se almacenar\u00e1n durante un m\u00e1ximo de 30 d\u00edas.&nbsp;<\/li>\n<\/ol>\n\n\n\n<p><strong>Destinatarios a los que se ceden sus datos&nbsp;<\/strong><\/p>\n\n\n\n<p>Los datos, salvo requerimiento legal, no se ceder\u00e1n a otras organizaciones para ning\u00fan cometido diferente del que se le haya informado, pudi\u00e9ndose ceder \u00fanicamente a organizaciones relacionadas con INTEGRA\u202fpara gestionar candidaturas a puestos de trabajo, env\u00edo de informaci\u00f3n comercial, o para la gesti\u00f3n administrativa de contratos y facturas.&nbsp;<\/p>\n\n\n\n<p>No se prev\u00e9n transferencias internacionales de sus datos. En caso de que se fuesen a realizar en un futuro, se le informar\u00e1 de dicho hecho.&nbsp;<\/p>\n\n\n\n<p>INTEGRA utiliza para la gesti\u00f3n de procesos de selecci\u00f3n una herramienta llamada Bizneo, sita en Espa\u00f1a, que incluye procesos en materia de Security and compliance, cumpliendo por tanto con el Reglamento General de Protecci\u00f3n de Datos, as\u00ed como la Ley Org\u00e1nica en materia. Para m\u00e1s informaci\u00f3n, consulte la pol\u00edtica de privacidad de Bizneo:&nbsp;<a href=\"https:\/\/www.bizneo.com\/politica-de-privacidad\/\" rel=\"noreferrer noopener\" target=\"_blank\">https:\/\/www.bizneo.com\/politica-de-privacidad\/<\/a>&nbsp;&nbsp;<\/p>\n\n\n\n<p>As\u00ed mismo, INTEGRA dispone de una plataforma cloud para la gesti\u00f3n de env\u00edos de correo electr\u00f3nico a trav\u00e9s de ActiveCampaign, que est\u00e1 adherido a Privacy Shield, y ante la falta de validez de dicho acuerdo, ha actualizado su pol\u00edtica de privacidad y el procesamiento de datos mediante la formalizaci\u00f3n de un Addendum (el \u201cDPA\u201d) y ha puesto a disposici\u00f3n de los clientes las Cl\u00e1usulas Contractuales Est\u00e1ndar de la UE (las \u201cCEC\u201d o \u201cSCC\u201d), que generalmente fueron confirmadas por el TJUE para su ejecuci\u00f3n y constataci\u00f3n del cumplimiento del GDPR. Tambi\u00e9n han a\u00f1adido algunas \u201cmedidas complementarias\u201d a las SCC siguiendo la orientaci\u00f3n proporcionada por la opini\u00f3n del TJUE. Pueden consultarse en el siguiente link:&nbsp;<a href=\"https:\/\/ec.europa.eu\/info\/law\/law-topic\/data-protection\/international-dimension-data-protection\/standard-contractual-clauses-scc\/standard-contractual-clauses-international-transfers_en\" rel=\"noreferrer noopener\" target=\"_blank\">Standard contractual clauses for international transfers | European Commission (europa.eu)<\/a>. Para m\u00e1s informaci\u00f3n consulte el siguiente enlace:&nbsp;&nbsp;<a href=\"https:\/\/www.activecampaign.com\/legal\/gdpr-updates\/privacy-shield\" rel=\"noreferrer noopener\" target=\"_blank\">https:\/\/www.activecampaign.com\/legal\/gdpr-updates\/privacy-shield<\/a>&nbsp;<\/p>\n\n\n\n<p>INTEGRA dispone de su plataforma de gesti\u00f3n de clientes en el CRM Dynamics 365, prestando servicios desde una plataforma cloud de Microsoft, que cumple con las garant\u00edas adecuadas exigidas por la normativa europea de protecci\u00f3n de datos seg\u00fan fue declarado por la propia Agencia Espa\u00f1ola de protecci\u00f3n de Datos en la resoluci\u00f3n del expediente TI\/00032\/2014. Puede consultar m\u00e1s informaci\u00f3n acerca del cumplimiento normativo de Microsoft en el siguiente enlace:&nbsp;<a href=\"https:\/\/www.microsoft.com\/es-es\/trust-center\/privacy\/gdpr-faqs\" rel=\"noreferrer noopener\" target=\"_blank\">https:\/\/www.microsoft.com\/es-es\/trust-center\/privacy\/gdpr-faqs<\/a>&nbsp;&nbsp;<\/p>\n\n\n\n<p><strong>Procedencia&nbsp;<\/strong><\/p>\n\n\n\n<p>Los datos tratados son obtenidos a trav\u00e9s del propio interesado.&nbsp;<\/p>\n\n\n\n<p><strong>Delegado de Protecci\u00f3n de Datos&nbsp;<\/strong><\/p>\n\n\n\n<p>INTEGRA tiene designado como Delegado de Protecci\u00f3n de Datos un Comit\u00e9. Datos de contacto del Comit\u00e9 en materia de Protecci\u00f3n de Datos:&nbsp;<\/p>\n\n\n\n<ul class=\"wp-block-list\">\n<li>Direcci\u00f3n postal: Calle Bolonia 12, 50.008 Zaragoza&nbsp;&nbsp;<\/li>\n<\/ul>\n\n\n\n<ul class=\"wp-block-list\">\n<li>Tel\u00e9fono: 976 46 76 76&nbsp;&nbsp;<\/li>\n\n\n\n<li>E-mail:&nbsp;<a href=\"mailto:dpo@integratecnologia.es\" rel=\"noreferrer noopener\" target=\"_blank\">dpo@integratecnologia.es<\/a>&nbsp;&nbsp;&nbsp;<\/li>\n<\/ul>\n\n\n\n<p><strong>Secreto y seguridad de los datos&nbsp;<\/strong><\/p>\n\n\n\n<p>INTEGRA se compromete en el uso y tratamiento de los datos personales incluidos de los usuarios, respetando su confidencialidad y a utilizarlos de acuerdo con la finalidad de los mismos, as\u00ed como a dar cumplimiento a su obligaci\u00f3n de guardarlos y adaptar todas las medidas para evitar la alteraci\u00f3n, p\u00e9rdida, tratamiento o acceso no autorizado, de conformidad con lo establecido en la normativa vigente de protecci\u00f3n de datos.&nbsp;<\/p>\n\n\n\n<p>INTEGRA ha adoptado las medidas t\u00e9cnicas y organizativas necesarias para garantizar la seguridad e integridad de los datos, pero INTEGRA no puede garantizar la&nbsp;<strong>absoluta<\/strong>&nbsp;seguridad contra la violaci\u00f3n de los datos mediante accesos fraudulentos a ellos por parte de terceros.&nbsp;<\/p>\n\n\n\n<p><strong>Derechos en el tratamiento de sus datos&nbsp;<\/strong><\/p>\n\n\n\n<p>Usted tiene derecho a obtener confirmaci\u00f3n sobre si en INTEGRA se est\u00e1n tratando datos personales que les conciernan, o no.&nbsp;<\/p>\n\n\n\n<p>Usted, como interesado, tiene derecho a acceder a sus datos personales, as\u00ed como a solicitar la rectificaci\u00f3n de los datos inexactos o, en su caso, solicitar su supresi\u00f3n cuando, entre otros motivos, los datos ya no sean necesarios para los fines que fueron recogidos.&nbsp;&nbsp;<\/p>\n\n\n\n<p>Le recordamos que tiene derecho a retirar su consentimiento en cualquier momento, lo que conlleva retirar los datos que la empresa posea acerca de su persona. Para ello, deber\u00e1 enviar un correo a la direcci\u00f3n&nbsp;<a href=\"mailto:privacidad@integratecnologia.es\" rel=\"noreferrer noopener\" target=\"_blank\">privacidad@integratecnologia.es<\/a>&nbsp;facilitando el DNI, o remitirlo mediante correo postal a la direcci\u00f3n arriba indicada.&nbsp;<\/p>\n\n\n\n<p>En determinadas circunstancias, usted podr\u00e1 solicitar la limitaci\u00f3n del tratamiento de sus datos, en cuyo caso \u00fanicamente los conservaremos para el ejercicio o la defensa de reclamaciones.&nbsp;<\/p>\n\n\n\n<p>Le informamos de que usted podr\u00e1 oponerse al tratamiento de sus datos en cualquier momento. En tal caso, dejaremos de tratar los datos, salvo por motivos leg\u00edtimos imperiosos, o el ejercicio o la defensa de posibles reclamaciones.&nbsp;<\/p>\n\n\n\n<p>Usted tendr\u00e1 derecho a la portabilidad, es decir, a que los datos personales que hubiera facilitado se transmitan directamente a otro responsable en formato estructurado, de uso com\u00fan y lectura mec\u00e1nica, cuando t\u00e9cnicamente fuera posible.&nbsp;<\/p>\n\n\n\n<p>Para ejercitar los derechos mencionados con anterioridad o hacer cualquier reclamaci\u00f3n sobre c\u00f3mo hemos tratado sus datos personales enviando un correo electr\u00f3nico a direcci\u00f3n&nbsp;<a href=\"mailto:privacidad@integratecnologia.es\" rel=\"noreferrer noopener\" target=\"_blank\">privacidad@integratecnologia.es<\/a>.&nbsp;&nbsp;<\/p>\n\n\n\n<p>Si aun as\u00ed usted considerara que sus datos personales no han sido tratados apropiadamente de acuerdo con la ley, puede presentar una reclamaci\u00f3n a la autoridad de protecci\u00f3n de datos que corresponda, siendo la Agencia Espa\u00f1ola de Protecci\u00f3n de Datos la indicada en el caso de territorio espa\u00f1ol, sita en C\/ Jorge Juan, 6. 28001 \u2013 Madrid. Para m\u00e1s informaci\u00f3n visite el siguiente enlace:&nbsp;<a href=\"https:\/\/www.aepd.es\/\" rel=\"noreferrer noopener\" target=\"_blank\">https:\/\/www.aepd.es\/<\/a>.&nbsp;<\/p>\n\n\n\n<p><strong>Aceptaci\u00f3n y consentimiento&nbsp;<\/strong><\/p>\n\n\n\n<p>Usted declara haber sido informado de las condiciones sobre protecci\u00f3n de datos de car\u00e1cter personal, aceptando y consintiendo el tratamiento de los mismos por parte de\u202f<a href=\"https:\/\/www.integratecnologia.es\/\" rel=\"noreferrer noopener\" target=\"_blank\">https:\/\/www.integratecnologia.es\/<\/a>&nbsp;la forma y para las finalidades indicadas en esta pol\u00edtica de privacidad, en base al tratamiento del que est\u00e9 tomando parte.&nbsp;<\/p>\n\n\n\n<p>INTEGRA se reserva el derecho a modificar la presente pol\u00edtica para adaptarla a novedades legislativas o jurisprudenciales, as\u00ed como a pr\u00e1cticas de la industria. En dichos supuestos, INTEGRA anunciar\u00e1 en esta p\u00e1gina los cambios introducidos con razonable antelaci\u00f3n a su puesta en pr\u00e1ctica.&nbsp;<\/p>\n","protected":false},"excerpt":{"rendered":"<p>Regulaciones legales y titularidad&nbsp; La empresa SOCIEDAD ARAGONESA DE ASESOR\u00cdA T\u00c9CNICA S.L&nbsp; (en adelante INTEGRA) con NIF B-50.197.581 va a tratar sus datos en disposici\u00f3n del Reglamento (UE) 2016\/679 del Parlamento Europeo y del Consejo (en adelante GDPR), de 27 de abril de 2016, relativo a la protecci\u00f3n de las personas f\u00edsicas en lo que [&hellip;]<\/p>\n","protected":false},"author":4,"featured_media":0,"parent":0,"menu_order":0,"comment_status":"closed","ping_status":"closed","template":"","meta":{"_uag_custom_page_level_css":"","site-sidebar-layout":"no-sidebar","site-content-layout":"plain-container","ast-site-content-layout":"normal-width-container","site-content-style":"unboxed","site-sidebar-style":"unboxed","ast-global-header-display":"","ast-banner-title-visibility":"","ast-main-header-display":"","ast-hfb-above-header-display":"","ast-hfb-below-header-display":"","ast-hfb-mobile-header-display":"","site-post-title":"disabled","ast-breadcrumbs-content":"","ast-featured-img":"disabled","footer-sml-layout":"","ast-disable-related-posts":"","theme-transparent-header-meta":"enabled","adv-header-id-meta":"","stick-header-meta":"","header-above-stick-meta":"","header-main-stick-meta":"","header-below-stick-meta":"","astra-migrate-meta-layouts":"set","ast-page-background-enabled":"default","ast-page-background-meta":{"desktop":{"background-color":"var(--ast-global-color-4)","background-image":"","background-repeat":"repeat","background-position":"center center","background-size":"auto","background-attachment":"scroll","background-type":"","background-media":"","overlay-type":"","overlay-color":"","overlay-opacity":"","overlay-gradient":""},"tablet":{"background-color":"","background-image":"","background-repeat":"repeat","background-position":"center center","background-size":"auto","background-attachment":"scroll","background-type":"","background-media":"","overlay-type":"","overlay-color":"","overlay-opacity":"","overlay-gradient":""},"mobile":{"background-color":"","background-image":"","background-repeat":"repeat","background-position":"center center","background-size":"auto","background-attachment":"scroll","background-type":"","background-media":"","overlay-type":"","overlay-color":"","overlay-opacity":"","overlay-gradient":""}},"ast-content-background-meta":{"desktop":{"background-color":"var(--ast-global-color-5)","background-image":"","background-repeat":"repeat","background-position":"center center","background-size":"auto","background-attachment":"scroll","background-type":"","background-media":"","overlay-type":"","overlay-color":"","overlay-opacity":"","overlay-gradient":""},"tablet":{"background-color":"var(--ast-global-color-5)","background-image":"","background-repeat":"repeat","background-position":"center center","background-size":"auto","background-attachment":"scroll","background-type":"","background-media":"","overlay-type":"","overlay-color":"","overlay-opacity":"","overlay-gradient":""},"mobile":{"background-color":"var(--ast-global-color-5)","background-image":"","background-repeat":"repeat","background-position":"center center","background-size":"auto","background-attachment":"scroll","background-type":"","background-media":"","overlay-type":"","overlay-color":"","overlay-opacity":"","overlay-gradient":""}},"footnotes":""},"class_list":["post-1622","page","type-page","status-publish","hentry"],"uagb_featured_image_src":{"full":false,"thumbnail":false,"medium":false,"medium_large":false,"large":false,"1536x1536":false,"2048x2048":false,"gform-image-choice-sm":false,"gform-image-choice-md":false,"gform-image-choice-lg":false},"uagb_author_info":{"display_name":"Efor","author_link":"https:\/\/www.integratecnologia.es\/ibm-storage-flashsystem\/author\/efor\/"},"uagb_comment_info":0,"uagb_excerpt":"Regulaciones legales y titularidad&nbsp; La empresa SOCIEDAD ARAGONESA DE ASESOR\u00cdA T\u00c9CNICA S.L&nbsp; (en adelante INTEGRA) con NIF B-50.197.581 va a tratar sus datos en disposici\u00f3n del Reglamento (UE) 2016\/679 del Parlamento Europeo y del Consejo (en adelante GDPR), de 27 de abril de 2016, relativo a la protecci\u00f3n de las personas f\u00edsicas en lo que&hellip;","_links":{"self":[{"href":"https:\/\/www.integratecnologia.es\/ibm-storage-flashsystem\/wp-json\/wp\/v2\/pages\/1622","targetHints":{"allow":["GET"]}}],"collection":[{"href":"https:\/\/www.integratecnologia.es\/ibm-storage-flashsystem\/wp-json\/wp\/v2\/pages"}],"about":[{"href":"https:\/\/www.integratecnologia.es\/ibm-storage-flashsystem\/wp-json\/wp\/v2\/types\/page"}],"author":[{"embeddable":true,"href":"https:\/\/www.integratecnologia.es\/ibm-storage-flashsystem\/wp-json\/wp\/v2\/users\/4"}],"replies":[{"embeddable":true,"href":"https:\/\/www.integratecnologia.es\/ibm-storage-flashsystem\/wp-json\/wp\/v2\/comments?post=1622"}],"version-history":[{"count":2,"href":"https:\/\/www.integratecnologia.es\/ibm-storage-flashsystem\/wp-json\/wp\/v2\/pages\/1622\/revisions"}],"predecessor-version":[{"id":1738,"href":"https:\/\/www.integratecnologia.es\/ibm-storage-flashsystem\/wp-json\/wp\/v2\/pages\/1622\/revisions\/1738"}],"wp:attachment":[{"href":"https:\/\/www.integratecnologia.es\/ibm-storage-flashsystem\/wp-json\/wp\/v2\/media?parent=1622"}],"curies":[{"name":"wp","href":"https:\/\/api.w.org\/{rel}","templated":true}]}}